{"version":"1.0","provider_name":"OGRODY DZIA\u0141KOWE S\u0141ONECZNA POLANA PAWLIKOWICE","provider_url":"https:\/\/rodslonecznapolana.pl","author_name":"biuro@lodzpozycjonowanie.com.pl","author_url":"https:\/\/rodslonecznapolana.pl\/index.php\/author\/biurolodzpozycjonowanie-com-pl\/","title":"Og\u0142oszenia - OGRODY DZIA\u0141KOWE S\u0141ONECZNA POLANA PAWLIKOWICE","type":"rich","width":600,"height":338,"html":"<blockquote class=\"wp-embedded-content\" data-secret=\"QgVBmxbxpN\"><a href=\"https:\/\/rodslonecznapolana.pl\/index.php\/oddam-zamienie\/\">Og\u0142oszenia<\/a><\/blockquote><iframe sandbox=\"allow-scripts\" security=\"restricted\" src=\"https:\/\/rodslonecznapolana.pl\/index.php\/oddam-zamienie\/embed\/#?secret=QgVBmxbxpN\" width=\"600\" height=\"338\" title=\"&#8222;Og\u0142oszenia&#8221; &#8212; OGRODY DZIA\u0141KOWE S\u0141ONECZNA POLANA PAWLIKOWICE\" data-secret=\"QgVBmxbxpN\" frameborder=\"0\" marginwidth=\"0\" marginheight=\"0\" scrolling=\"no\" class=\"wp-embedded-content\"><\/iframe><script type=\"text\/javascript\">\n\/* <![CDATA[ *\/\n\/*! This file is auto-generated *\/\n!function(d,l){\"use strict\";l.querySelector&&d.addEventListener&&\"undefined\"!=typeof URL&&(d.wp=d.wp||{},d.wp.receiveEmbedMessage||(d.wp.receiveEmbedMessage=function(e){var t=e.data;if((t||t.secret||t.message||t.value)&&!\/[^a-zA-Z0-9]\/.test(t.secret)){for(var s,r,n,a=l.querySelectorAll('iframe[data-secret=\"'+t.secret+'\"]'),o=l.querySelectorAll('blockquote[data-secret=\"'+t.secret+'\"]'),c=new RegExp(\"^https?:$\",\"i\"),i=0;i<o.length;i++)o[i].style.display=\"none\";for(i=0;i<a.length;i++)s=a[i],e.source===s.contentWindow&&(s.removeAttribute(\"style\"),\"height\"===t.message?(1e3<(r=parseInt(t.value,10))?r=1e3:~~r<200&&(r=200),s.height=r):\"link\"===t.message&&(r=new URL(s.getAttribute(\"src\")),n=new URL(t.value),c.test(n.protocol))&&n.host===r.host&&l.activeElement===s&&(d.top.location.href=t.value))}},d.addEventListener(\"message\",d.wp.receiveEmbedMessage,!1),l.addEventListener(\"DOMContentLoaded\",function(){for(var e,t,s=l.querySelectorAll(\"iframe.wp-embedded-content\"),r=0;r<s.length;r++)(t=(e=s[r]).getAttribute(\"data-secret\"))||(t=Math.random().toString(36).substring(2,12),e.src+=\"#?secret=\"+t,e.setAttribute(\"data-secret\",t)),e.contentWindow.postMessage({message:\"ready\",secret:t},\"*\")},!1)))}(window,document);\n\/* ]]> *\/\n<\/script>\n","description":"Szanowni Pa\u0144stwo \u00a0 \u00a0\u00a0Zarz\u0105d ROD S\u0142oneczna Polana postanowi\u0142 uruchomi\u0107\u00a0Tablic\u0119 Og\u0142osze\u0144\u00a0na stronie, celem u\u0142atwienia Pa\u0144stwu zamiany, zdobycia b\u0105d\u017a pozbycia si\u0119 artyku\u0142\u00f3w dzia\u0142kowych\u00a0(takich jak\u00a0np. meble,\u00a0wyposa\u017cenia ogrodowe,\u00a0narz\u0105dzia,\u00a0nadmiar kompostu itp.)\u00a0Og\u0142oszenia nie mog\u0105 dotyczy\u0107 przeniesienia praw do u\u017cytkowania dzia\u0142ki. \u00a0 \u00a0 Aby zamie\u015bci\u0107 swoje og\u0142oszenie dotycz\u0105ce ww. artyku\u0142\u00f3w zwi\u0105zanych z prowadzeniem\/piel\u0119gnacj\u0105 dzia\u0142ki na stronie ROD S\u0142oneczna Polana prosimy o wysy\u0142anie [&hellip;]"}