{"id":1042,"date":"2018-06-27T10:18:42","date_gmt":"2018-06-27T08:18:42","guid":{"rendered":"http:\/\/rodslonecznapolana.pl\/?page_id=1042"},"modified":"2024-07-31T18:58:28","modified_gmt":"2024-07-31T16:58:28","slug":"woda-2","status":"publish","type":"page","link":"https:\/\/rodslonecznapolana.pl\/index.php\/woda-2\/","title":{"rendered":"Woda"},"content":{"rendered":"<p><strong style=\"font-size: 14pt;\">WYNIKI BADA\u0143 WODY I O WODZIE\u00a0\u00a0<img loading=\"lazy\" decoding=\"async\" class=\"alignnone size-medium wp-image-1037 aligncenter\" src=\"http:\/\/rodslonecznapolana.pl\/wp-content\/uploads\/2016\/10\/kropla-wody-w-morzu-300x120.jpg\" alt=\"\" width=\"300\" height=\"120\" srcset=\"https:\/\/rodslonecznapolana.pl\/wp-content\/uploads\/2016\/10\/kropla-wody-w-morzu-300x120.jpg 300w, https:\/\/rodslonecznapolana.pl\/wp-content\/uploads\/2016\/10\/kropla-wody-w-morzu-768x307.jpg 768w, https:\/\/rodslonecznapolana.pl\/wp-content\/uploads\/2016\/10\/kropla-wody-w-morzu.jpg 1000w\" sizes=\"(max-width: 300px) 100vw, 300px\" \/><\/strong><\/p>\n<p><a href=\"http:\/\/rodslonecznapolana.pl\/wp-content\/uploads\/2018\/06\/1_Hydrofornia_maj_2016.pdf\">1_Hydrofornia_maj_2016<\/a><\/p>\n<p><a href=\"http:\/\/rodslonecznapolana.pl\/wp-content\/uploads\/2018\/06\/2_Sie\u0107-wodoci\u0105gowa_maj_2016.pdf\">2_Sie\u0107 wodoci\u0105gowa_maj_2016<\/a><\/p>\n<p><a href=\"http:\/\/rodslonecznapolana.pl\/wp-content\/uploads\/2018\/06\/3_Hydrofornia_wrzesie\u0144_2016.pdf\">3_Hydrofornia_wrzesie\u0144_2016<\/a><\/p>\n<p><a href=\"http:\/\/rodslonecznapolana.pl\/wp-content\/uploads\/2018\/06\/4_Sie\u0107-wodoci\u0105gowa_wrzesie\u0144_2016.pdf\">4_Sie\u0107 wodoci\u0105gowa_wrzesie\u0144_2016<\/a><\/p>\n<p><a href=\"http:\/\/rodslonecznapolana.pl\/wp-content\/uploads\/2018\/06\/5_lipec_hydrofornia-i-sie\u0107.pdf\">5_Hydrofornia i sie\u0107_lipiec 2017<\/a><\/p>\n<p><a href=\"http:\/\/rodslonecznapolana.pl\/wp-content\/uploads\/2018\/06\/6_hydrofornia_wrzesie\u0144-2017.pdf\">6_Hydrofornia_wrzesie\u0144 2017<\/a><\/p>\n<p><a href=\"http:\/\/rodslonecznapolana.pl\/wp-content\/uploads\/2018\/06\/7_Sie\u0107-wodoci\u0105gowa_maj_2018.pdf\">7_Sie\u0107 wodoci\u0105gowa_maj_2018<\/a><\/p>\n<p><a href=\"http:\/\/rodslonecznapolana.pl\/wp-content\/uploads\/2018\/06\/8_Hydrofornia_maj-2018.pdf\">8_Hydrofornia_maj 2018<\/a><\/p>\n<p><a href=\"http:\/\/rodslonecznapolana.pl\/wp-content\/uploads\/2018\/06\/9_Pa\u0144stwowy-Powiatowy-Inspektor-Sanitarny-w-Pabianicach-o-wodzie_20.06.2018.pdf\">9_Pa\u0144stwowy Powiatowy Inspektor Sanitarny w Pabianicach o wodzie_20.06.2018<\/a><\/p>\n<p><a href=\"http:\/\/rodslonecznapolana.pl\/wp-content\/uploads\/2018\/07\/10_hydrofornia_lipiec_2018.pdf\">10_Hydrofornia_lipiec_2018<\/a><\/p>\n<p><a href=\"http:\/\/rodslonecznapolana.pl\/wp-content\/uploads\/2019\/07\/11_hydrofornia-i-sie\u0107_lipiec_2019.pdf\">11_hydrofornia i sie\u0107_lipiec_2019<\/a><\/p>\n<p><a href=\"http:\/\/rodslonecznapolana.pl\/wp-content\/uploads\/2021\/07\/12_hydrofornia-i-sie\u0107_czerwiec-2021.pdf\">12_hydrofornia i sie\u0107_czerwiec_2021<\/a><\/p>\n<div><span style=\"font-size: 14pt; color: #000080;\">Ad.12 Szanowni Dzia\u0142kowcy, w zwi\u0105zku z tym, \u017ce parametry wody odbiegaj\u0105 od<\/span><\/div>\n<div><span style=\"font-size: 14pt; color: #000080;\">wymaganych, Zarz\u0105d sugeruje by ma\u0142ym dzieciom podawa\u0107 do spo\u017cycia wod\u0119<\/span><\/div>\n<div><span style=\"font-size: 14pt; color: #000080;\">butelkowan\u0105.<\/span><\/div>\n<div><a href=\"http:\/\/rodslonecznapolana.pl\/wp-content\/uploads\/2021\/08\/190721.pdf\">13_badanie wody_lipiec_2021<\/a><\/div>\n<div><\/div>\n<div><a href=\"http:\/\/rodslonecznapolana.pl\/wp-content\/uploads\/2021\/08\/woda-zwik.pdf\">14_hydrofornia i sie\u0107_sierpie\u0144 _2021<\/a><\/div>\n<div><\/div>\n<div><a href=\"http:\/\/rodslonecznapolana.pl\/wp-content\/uploads\/2021\/10\/15_hydrofornia-i-sie\u0107_wrzesie\u0144-2021_pismo-sanepid-2.pdf\">15_hydrofornia i sie\u0107_wrzesie\u0144_<\/a><a href=\"http:\/\/rodslonecznapolana.pl\/wp-content\/uploads\/2021\/10\/15_hydrofornia-i-sie\u0107_wrzesie\u0144-2021_pismo-sanepid-2.pdf\">2021_pismo sanepid<\/a><\/div>\n<div><\/div>\n<div><a href=\"http:\/\/rodslonecznapolana.pl\/wp-content\/uploads\/2022\/07\/badanie-wody-1.pdf\">16_sie\u0107 wodoci\u0105gowa_czerwiec_2022<\/a><\/div>\n<div><\/div>\n<div><a href=\"http:\/\/rodslonecznapolana.pl\/wp-content\/uploads\/2022\/07\/badanie-wody-2.pdf\">17_hydrofornia_czerwiec_2022<\/a><\/div>\n<div><\/div>\n<div><a href=\"http:\/\/rodslonecznapolana.pl\/wp-content\/uploads\/2022\/07\/Woda-2022.pdf\">18_Pa\u0144stwowy Powiatowy Inspektor Sanitarny w Pabianicach o wodzie_08.07.2022<\/a><\/div>\n<div><\/div>\n<div><a href=\"http:\/\/rodslonecznapolana.pl\/wp-content\/uploads\/2023\/06\/19_hydrofornia-i-sie\u0107_czerwiec-2023.pdf\">19_hydrofornia i sie\u0107_czerwiec 2023<\/a><\/div>\n<div><\/div>\n<div><a href=\"http:\/\/rodslonecznapolana.pl\/wp-content\/uploads\/2023\/06\/Kraina-wody_artyku\u0142-o-mangania.pdf\">20_Kraina wody_artyku\u0142 o mangania<\/a><\/div>\n<div><\/div>\n<div><a href=\"http:\/\/rodslonecznapolana.pl\/wp-content\/uploads\/2023\/07\/21_hydrofornia-i-sie\u0107_mangan_25.07.2025.pdf\">21_hydrofornia i sie\u0107_mangan_25.07.2023<\/a><\/div>\n<div><\/div>\n<div><a href=\"http:\/\/rodslonecznapolana.pl\/wp-content\/uploads\/2024\/07\/22_siec_31.07.2024.pdf\">22_sie\u0107_31.07.2024<\/a><\/div>\n<div><\/div>\n<div><a href=\"http:\/\/rodslonecznapolana.pl\/wp-content\/uploads\/2024\/07\/23_hydrofornia_31.07.2024.pdf\">23_hydrofornia_31.07.2024<\/a><\/div>\n<div><\/div>\n<div><\/div>\n","protected":false},"excerpt":{"rendered":"<p>WYNIKI BADA\u0143 WODY I O WODZIE\u00a0\u00a0 1_Hydrofornia_maj_2016 2_Sie\u0107 wodoci\u0105gowa_maj_2016 3_Hydrofornia_wrzesie\u0144_2016 4_Sie\u0107 wodoci\u0105gowa_wrzesie\u0144_2016 5_Hydrofornia i sie\u0107_lipiec 2017 6_Hydrofornia_wrzesie\u0144 2017 7_Sie\u0107 wodoci\u0105gowa_maj_2018 8_Hydrofornia_maj 2018 9_Pa\u0144stwowy Powiatowy Inspektor Sanitarny w Pabianicach o wodzie_20.06.2018 10_Hydrofornia_lipiec_2018 11_hydrofornia i sie\u0107_lipiec_2019 12_hydrofornia i sie\u0107_czerwiec_2021 Ad.12 Szanowni Dzia\u0142kowcy, w zwi\u0105zku z tym, \u017ce parametry wody odbiegaj\u0105 od wymaganych, Zarz\u0105d sugeruje by ma\u0142ym dzieciom [&hellip;]<\/p>\n","protected":false},"author":2,"featured_media":0,"parent":0,"menu_order":0,"comment_status":"closed","ping_status":"closed","template":"","meta":{"footnotes":""},"yoast_head":"<!-- This site is optimized with the Yoast SEO plugin v22.6 - https:\/\/yoast.com\/wordpress\/plugins\/seo\/ -->\n<title>Woda - OGRODY DZIA\u0141KOWE S\u0141ONECZNA POLANA PAWLIKOWICE<\/title>\n<meta name=\"robots\" content=\"index, follow, max-snippet:-1, max-image-preview:large, max-video-preview:-1\" \/>\n<link rel=\"canonical\" href=\"https:\/\/rodslonecznapolana.pl\/index.php\/woda-2\/\" \/>\n<meta property=\"og:locale\" content=\"pl_PL\" \/>\n<meta property=\"og:type\" content=\"article\" \/>\n<meta property=\"og:title\" content=\"Woda - OGRODY DZIA\u0141KOWE S\u0141ONECZNA POLANA PAWLIKOWICE\" \/>\n<meta property=\"og:description\" content=\"WYNIKI BADA\u0143 WODY I O WODZIE\u00a0\u00a0 1_Hydrofornia_maj_2016 2_Sie\u0107 wodoci\u0105gowa_maj_2016 3_Hydrofornia_wrzesie\u0144_2016 4_Sie\u0107 wodoci\u0105gowa_wrzesie\u0144_2016 5_Hydrofornia i sie\u0107_lipiec 2017 6_Hydrofornia_wrzesie\u0144 2017 7_Sie\u0107 wodoci\u0105gowa_maj_2018 8_Hydrofornia_maj 2018 9_Pa\u0144stwowy Powiatowy Inspektor Sanitarny w Pabianicach o wodzie_20.06.2018 10_Hydrofornia_lipiec_2018 11_hydrofornia i sie\u0107_lipiec_2019 12_hydrofornia i sie\u0107_czerwiec_2021 Ad.12 Szanowni Dzia\u0142kowcy, w zwi\u0105zku z tym, \u017ce parametry wody odbiegaj\u0105 od wymaganych, Zarz\u0105d sugeruje by ma\u0142ym dzieciom [&hellip;]\" \/>\n<meta property=\"og:url\" content=\"https:\/\/rodslonecznapolana.pl\/index.php\/woda-2\/\" \/>\n<meta property=\"og:site_name\" content=\"OGRODY DZIA\u0141KOWE S\u0141ONECZNA POLANA PAWLIKOWICE\" \/>\n<meta property=\"article:modified_time\" content=\"2024-07-31T16:58:28+00:00\" \/>\n<meta property=\"og:image\" content=\"http:\/\/rodslonecznapolana.pl\/wp-content\/uploads\/2016\/10\/kropla-wody-w-morzu-300x120.jpg\" \/>\n<meta name=\"twitter:card\" content=\"summary_large_image\" \/>\n<meta name=\"twitter:label1\" content=\"Szacowany czas czytania\" \/>\n\t<meta name=\"twitter:data1\" content=\"1 minuta\" \/>\n<script type=\"application\/ld+json\" class=\"yoast-schema-graph\">{\"@context\":\"https:\/\/schema.org\",\"@graph\":[{\"@type\":\"WebPage\",\"@id\":\"https:\/\/rodslonecznapolana.pl\/index.php\/woda-2\/\",\"url\":\"https:\/\/rodslonecznapolana.pl\/index.php\/woda-2\/\",\"name\":\"Woda - OGRODY DZIA\u0141KOWE S\u0141ONECZNA POLANA PAWLIKOWICE\",\"isPartOf\":{\"@id\":\"https:\/\/rodslonecznapolana.pl\/#website\"},\"primaryImageOfPage\":{\"@id\":\"https:\/\/rodslonecznapolana.pl\/index.php\/woda-2\/#primaryimage\"},\"image\":{\"@id\":\"https:\/\/rodslonecznapolana.pl\/index.php\/woda-2\/#primaryimage\"},\"thumbnailUrl\":\"http:\/\/rodslonecznapolana.pl\/wp-content\/uploads\/2016\/10\/kropla-wody-w-morzu-300x120.jpg\",\"datePublished\":\"2018-06-27T08:18:42+00:00\",\"dateModified\":\"2024-07-31T16:58:28+00:00\",\"breadcrumb\":{\"@id\":\"https:\/\/rodslonecznapolana.pl\/index.php\/woda-2\/#breadcrumb\"},\"inLanguage\":\"pl-PL\",\"potentialAction\":[{\"@type\":\"ReadAction\",\"target\":[\"https:\/\/rodslonecznapolana.pl\/index.php\/woda-2\/\"]}]},{\"@type\":\"ImageObject\",\"inLanguage\":\"pl-PL\",\"@id\":\"https:\/\/rodslonecznapolana.pl\/index.php\/woda-2\/#primaryimage\",\"url\":\"https:\/\/rodslonecznapolana.pl\/wp-content\/uploads\/2016\/10\/kropla-wody-w-morzu.jpg\",\"contentUrl\":\"https:\/\/rodslonecznapolana.pl\/wp-content\/uploads\/2016\/10\/kropla-wody-w-morzu.jpg\",\"width\":1000,\"height\":400},{\"@type\":\"BreadcrumbList\",\"@id\":\"https:\/\/rodslonecznapolana.pl\/index.php\/woda-2\/#breadcrumb\",\"itemListElement\":[{\"@type\":\"ListItem\",\"position\":1,\"name\":\"Strona g\u0142\u00f3wna\",\"item\":\"https:\/\/rodslonecznapolana.pl\/\"},{\"@type\":\"ListItem\",\"position\":2,\"name\":\"Woda\"}]},{\"@type\":\"WebSite\",\"@id\":\"https:\/\/rodslonecznapolana.pl\/#website\",\"url\":\"https:\/\/rodslonecznapolana.pl\/\",\"name\":\"OGRODY DZIA\u0141KOWE S\u0141ONECZNA POLANA PAWLIKOWICE\",\"description\":\"\",\"potentialAction\":[{\"@type\":\"SearchAction\",\"target\":{\"@type\":\"EntryPoint\",\"urlTemplate\":\"https:\/\/rodslonecznapolana.pl\/?s={search_term_string}\"},\"query-input\":\"required name=search_term_string\"}],\"inLanguage\":\"pl-PL\"}]}<\/script>\n<!-- \/ Yoast SEO plugin. -->","yoast_head_json":{"title":"Woda - OGRODY DZIA\u0141KOWE S\u0141ONECZNA POLANA PAWLIKOWICE","robots":{"index":"index","follow":"follow","max-snippet":"max-snippet:-1","max-image-preview":"max-image-preview:large","max-video-preview":"max-video-preview:-1"},"canonical":"https:\/\/rodslonecznapolana.pl\/index.php\/woda-2\/","og_locale":"pl_PL","og_type":"article","og_title":"Woda - OGRODY DZIA\u0141KOWE S\u0141ONECZNA POLANA PAWLIKOWICE","og_description":"WYNIKI BADA\u0143 WODY I O WODZIE\u00a0\u00a0 1_Hydrofornia_maj_2016 2_Sie\u0107 wodoci\u0105gowa_maj_2016 3_Hydrofornia_wrzesie\u0144_2016 4_Sie\u0107 wodoci\u0105gowa_wrzesie\u0144_2016 5_Hydrofornia i sie\u0107_lipiec 2017 6_Hydrofornia_wrzesie\u0144 2017 7_Sie\u0107 wodoci\u0105gowa_maj_2018 8_Hydrofornia_maj 2018 9_Pa\u0144stwowy Powiatowy Inspektor Sanitarny w Pabianicach o wodzie_20.06.2018 10_Hydrofornia_lipiec_2018 11_hydrofornia i sie\u0107_lipiec_2019 12_hydrofornia i sie\u0107_czerwiec_2021 Ad.12 Szanowni Dzia\u0142kowcy, w zwi\u0105zku z tym, \u017ce parametry wody odbiegaj\u0105 od wymaganych, Zarz\u0105d sugeruje by ma\u0142ym dzieciom [&hellip;]","og_url":"https:\/\/rodslonecznapolana.pl\/index.php\/woda-2\/","og_site_name":"OGRODY DZIA\u0141KOWE S\u0141ONECZNA POLANA PAWLIKOWICE","article_modified_time":"2024-07-31T16:58:28+00:00","og_image":[{"url":"http:\/\/rodslonecznapolana.pl\/wp-content\/uploads\/2016\/10\/kropla-wody-w-morzu-300x120.jpg"}],"twitter_card":"summary_large_image","twitter_misc":{"Szacowany czas czytania":"1 minuta"},"schema":{"@context":"https:\/\/schema.org","@graph":[{"@type":"WebPage","@id":"https:\/\/rodslonecznapolana.pl\/index.php\/woda-2\/","url":"https:\/\/rodslonecznapolana.pl\/index.php\/woda-2\/","name":"Woda - OGRODY DZIA\u0141KOWE S\u0141ONECZNA POLANA PAWLIKOWICE","isPartOf":{"@id":"https:\/\/rodslonecznapolana.pl\/#website"},"primaryImageOfPage":{"@id":"https:\/\/rodslonecznapolana.pl\/index.php\/woda-2\/#primaryimage"},"image":{"@id":"https:\/\/rodslonecznapolana.pl\/index.php\/woda-2\/#primaryimage"},"thumbnailUrl":"http:\/\/rodslonecznapolana.pl\/wp-content\/uploads\/2016\/10\/kropla-wody-w-morzu-300x120.jpg","datePublished":"2018-06-27T08:18:42+00:00","dateModified":"2024-07-31T16:58:28+00:00","breadcrumb":{"@id":"https:\/\/rodslonecznapolana.pl\/index.php\/woda-2\/#breadcrumb"},"inLanguage":"pl-PL","potentialAction":[{"@type":"ReadAction","target":["https:\/\/rodslonecznapolana.pl\/index.php\/woda-2\/"]}]},{"@type":"ImageObject","inLanguage":"pl-PL","@id":"https:\/\/rodslonecznapolana.pl\/index.php\/woda-2\/#primaryimage","url":"https:\/\/rodslonecznapolana.pl\/wp-content\/uploads\/2016\/10\/kropla-wody-w-morzu.jpg","contentUrl":"https:\/\/rodslonecznapolana.pl\/wp-content\/uploads\/2016\/10\/kropla-wody-w-morzu.jpg","width":1000,"height":400},{"@type":"BreadcrumbList","@id":"https:\/\/rodslonecznapolana.pl\/index.php\/woda-2\/#breadcrumb","itemListElement":[{"@type":"ListItem","position":1,"name":"Strona g\u0142\u00f3wna","item":"https:\/\/rodslonecznapolana.pl\/"},{"@type":"ListItem","position":2,"name":"Woda"}]},{"@type":"WebSite","@id":"https:\/\/rodslonecznapolana.pl\/#website","url":"https:\/\/rodslonecznapolana.pl\/","name":"OGRODY DZIA\u0141KOWE S\u0141ONECZNA POLANA PAWLIKOWICE","description":"","potentialAction":[{"@type":"SearchAction","target":{"@type":"EntryPoint","urlTemplate":"https:\/\/rodslonecznapolana.pl\/?s={search_term_string}"},"query-input":"required name=search_term_string"}],"inLanguage":"pl-PL"}]}},"_links":{"self":[{"href":"https:\/\/rodslonecznapolana.pl\/index.php\/wp-json\/wp\/v2\/pages\/1042"}],"collection":[{"href":"https:\/\/rodslonecznapolana.pl\/index.php\/wp-json\/wp\/v2\/pages"}],"about":[{"href":"https:\/\/rodslonecznapolana.pl\/index.php\/wp-json\/wp\/v2\/types\/page"}],"author":[{"embeddable":true,"href":"https:\/\/rodslonecznapolana.pl\/index.php\/wp-json\/wp\/v2\/users\/2"}],"replies":[{"embeddable":true,"href":"https:\/\/rodslonecznapolana.pl\/index.php\/wp-json\/wp\/v2\/comments?post=1042"}],"version-history":[{"count":23,"href":"https:\/\/rodslonecznapolana.pl\/index.php\/wp-json\/wp\/v2\/pages\/1042\/revisions"}],"predecessor-version":[{"id":1861,"href":"https:\/\/rodslonecznapolana.pl\/index.php\/wp-json\/wp\/v2\/pages\/1042\/revisions\/1861"}],"wp:attachment":[{"href":"https:\/\/rodslonecznapolana.pl\/index.php\/wp-json\/wp\/v2\/media?parent=1042"}],"curies":[{"name":"wp","href":"https:\/\/api.w.org\/{rel}","templated":true}]}}