{"id":14,"date":"2017-08-14T07:09:20","date_gmt":"2017-08-14T05:09:20","guid":{"rendered":"http:\/\/rodslonecznapolana.pl\/?page_id=14"},"modified":"2018-04-22T21:06:51","modified_gmt":"2018-04-22T19:06:51","slug":"oddam-zamienie","status":"publish","type":"page","link":"https:\/\/rodslonecznapolana.pl\/index.php\/oddam-zamienie\/","title":{"rendered":"Og\u0142oszenia"},"content":{"rendered":"<p class=\"font_8\"><span style=\"color: #000080;\"><strong>Szanowni Pa\u0144stwo<\/strong><\/span><\/p>\n<p class=\"font_8\"><span style=\"color: #000080;\">\u00a0 \u00a0\u00a0Zarz\u0105d ROD S\u0142oneczna Polana postanowi\u0142 uruchomi\u0107\u00a0Tablic\u0119 Og\u0142osze\u0144\u00a0na stronie, celem u\u0142atwienia Pa\u0144stwu zamiany, zdobycia b\u0105d\u017a pozbycia si\u0119 artyku\u0142\u00f3w dzia\u0142kowych\u00a0(takich jak\u00a0np. meble,\u00a0wyposa\u017cenia ogrodowe,\u00a0narz\u0105dzia,\u00a0nadmiar kompostu itp.)\u00a0Og\u0142oszenia nie mog\u0105 dotyczy\u0107 przeniesienia praw do u\u017cytkowania dzia\u0142ki.<\/span><\/p>\n<p class=\"font_8\"><span style=\"color: #000080;\">\u00a0 \u00a0 Aby zamie\u015bci\u0107 swoje og\u0142oszenie dotycz\u0105ce ww. artyku\u0142\u00f3w zwi\u0105zanych z prowadzeniem\/piel\u0119gnacj\u0105 dzia\u0142ki na stronie ROD S\u0142oneczna Polana prosimy o wysy\u0142anie meili z tre\u015bci\u0105 og\u0142oszenia\u00a0na adres:\u00a0slonecznapolanarod@gmail.com. Po pozytywnej weryfikacji og\u0142oszenia niezw\u0142ocznie zamie\u015bcimy je na stronie.<\/span><\/p>\n<p class=\"font_8\"><span style=\"color: #000080;\">Prosimy o Przesy\u0142anie og\u0142osze\u0144 wed\u0142ug wzoru dzi\u0119ki czemu tablica b\u0119dzie bardziej czytelna i jednocze\u015bnie pozwoli nam to na szybsz\u0105 weryfikacj\u0119.<\/span><\/p>\n<p class=\"font_8\"><span style=\"color: #000080;\">Oddam\/Zamieni\u0119\/Poszukuj\u0119:\u00a0przedmiot\/artyku\u0142<\/span><\/p>\n<p class=\"font_8\"><span style=\"color: #000080;\">Kontakt:\u00a0nr. dzia\u0142ki\/nr. tel<\/span><\/p>\n<p class=\"font_8\"><span style=\"color: #000080;\">Kiedy\u00a0(opcjonalnie): w jakich godzinach\u00a0i dniach b\u0119d\u0119 na dzia\u0142ce?<\/span><\/p>\n","protected":false},"excerpt":{"rendered":"<p>Szanowni Pa\u0144stwo \u00a0 \u00a0\u00a0Zarz\u0105d ROD S\u0142oneczna Polana postanowi\u0142 uruchomi\u0107\u00a0Tablic\u0119 Og\u0142osze\u0144\u00a0na stronie, celem u\u0142atwienia Pa\u0144stwu zamiany, zdobycia b\u0105d\u017a pozbycia si\u0119 artyku\u0142\u00f3w dzia\u0142kowych\u00a0(takich jak\u00a0np. meble,\u00a0wyposa\u017cenia ogrodowe,\u00a0narz\u0105dzia,\u00a0nadmiar kompostu itp.)\u00a0Og\u0142oszenia nie mog\u0105 dotyczy\u0107 przeniesienia praw do u\u017cytkowania dzia\u0142ki. \u00a0 \u00a0 Aby zamie\u015bci\u0107 swoje og\u0142oszenie dotycz\u0105ce ww. artyku\u0142\u00f3w zwi\u0105zanych z prowadzeniem\/piel\u0119gnacj\u0105 dzia\u0142ki na stronie ROD S\u0142oneczna Polana prosimy o wysy\u0142anie [&hellip;]<\/p>\n","protected":false},"author":3,"featured_media":0,"parent":0,"menu_order":0,"comment_status":"closed","ping_status":"closed","template":"","meta":{"footnotes":""},"yoast_head":"<!-- This site is optimized with the Yoast SEO plugin v22.6 - https:\/\/yoast.com\/wordpress\/plugins\/seo\/ -->\n<title>Og\u0142oszenia - OGRODY DZIA\u0141KOWE S\u0141ONECZNA POLANA PAWLIKOWICE<\/title>\n<meta name=\"robots\" content=\"index, follow, max-snippet:-1, max-image-preview:large, max-video-preview:-1\" \/>\n<link rel=\"canonical\" href=\"https:\/\/rodslonecznapolana.pl\/index.php\/oddam-zamienie\/\" \/>\n<meta property=\"og:locale\" content=\"pl_PL\" \/>\n<meta property=\"og:type\" content=\"article\" \/>\n<meta property=\"og:title\" content=\"Og\u0142oszenia - OGRODY DZIA\u0141KOWE S\u0141ONECZNA POLANA PAWLIKOWICE\" \/>\n<meta property=\"og:description\" content=\"Szanowni Pa\u0144stwo \u00a0 \u00a0\u00a0Zarz\u0105d ROD S\u0142oneczna Polana postanowi\u0142 uruchomi\u0107\u00a0Tablic\u0119 Og\u0142osze\u0144\u00a0na stronie, celem u\u0142atwienia Pa\u0144stwu zamiany, zdobycia b\u0105d\u017a pozbycia si\u0119 artyku\u0142\u00f3w dzia\u0142kowych\u00a0(takich jak\u00a0np. meble,\u00a0wyposa\u017cenia ogrodowe,\u00a0narz\u0105dzia,\u00a0nadmiar kompostu itp.)\u00a0Og\u0142oszenia nie mog\u0105 dotyczy\u0107 przeniesienia praw do u\u017cytkowania dzia\u0142ki. \u00a0 \u00a0 Aby zamie\u015bci\u0107 swoje og\u0142oszenie dotycz\u0105ce ww. artyku\u0142\u00f3w zwi\u0105zanych z prowadzeniem\/piel\u0119gnacj\u0105 dzia\u0142ki na stronie ROD S\u0142oneczna Polana prosimy o wysy\u0142anie [&hellip;]\" \/>\n<meta property=\"og:url\" content=\"https:\/\/rodslonecznapolana.pl\/index.php\/oddam-zamienie\/\" \/>\n<meta property=\"og:site_name\" content=\"OGRODY DZIA\u0141KOWE S\u0141ONECZNA POLANA PAWLIKOWICE\" \/>\n<meta property=\"article:modified_time\" content=\"2018-04-22T19:06:51+00:00\" \/>\n<meta name=\"twitter:card\" content=\"summary_large_image\" \/>\n<meta name=\"twitter:label1\" content=\"Szacowany czas czytania\" \/>\n\t<meta name=\"twitter:data1\" content=\"1 minuta\" \/>\n<script type=\"application\/ld+json\" class=\"yoast-schema-graph\">{\"@context\":\"https:\/\/schema.org\",\"@graph\":[{\"@type\":\"WebPage\",\"@id\":\"https:\/\/rodslonecznapolana.pl\/index.php\/oddam-zamienie\/\",\"url\":\"https:\/\/rodslonecznapolana.pl\/index.php\/oddam-zamienie\/\",\"name\":\"Og\u0142oszenia - OGRODY DZIA\u0141KOWE S\u0141ONECZNA POLANA PAWLIKOWICE\",\"isPartOf\":{\"@id\":\"https:\/\/rodslonecznapolana.pl\/#website\"},\"datePublished\":\"2017-08-14T05:09:20+00:00\",\"dateModified\":\"2018-04-22T19:06:51+00:00\",\"breadcrumb\":{\"@id\":\"https:\/\/rodslonecznapolana.pl\/index.php\/oddam-zamienie\/#breadcrumb\"},\"inLanguage\":\"pl-PL\",\"potentialAction\":[{\"@type\":\"ReadAction\",\"target\":[\"https:\/\/rodslonecznapolana.pl\/index.php\/oddam-zamienie\/\"]}]},{\"@type\":\"BreadcrumbList\",\"@id\":\"https:\/\/rodslonecznapolana.pl\/index.php\/oddam-zamienie\/#breadcrumb\",\"itemListElement\":[{\"@type\":\"ListItem\",\"position\":1,\"name\":\"Strona g\u0142\u00f3wna\",\"item\":\"https:\/\/rodslonecznapolana.pl\/\"},{\"@type\":\"ListItem\",\"position\":2,\"name\":\"Og\u0142oszenia\"}]},{\"@type\":\"WebSite\",\"@id\":\"https:\/\/rodslonecznapolana.pl\/#website\",\"url\":\"https:\/\/rodslonecznapolana.pl\/\",\"name\":\"OGRODY DZIA\u0141KOWE S\u0141ONECZNA POLANA PAWLIKOWICE\",\"description\":\"\",\"potentialAction\":[{\"@type\":\"SearchAction\",\"target\":{\"@type\":\"EntryPoint\",\"urlTemplate\":\"https:\/\/rodslonecznapolana.pl\/?s={search_term_string}\"},\"query-input\":\"required name=search_term_string\"}],\"inLanguage\":\"pl-PL\"}]}<\/script>\n<!-- \/ Yoast SEO plugin. -->","yoast_head_json":{"title":"Og\u0142oszenia - OGRODY DZIA\u0141KOWE S\u0141ONECZNA POLANA PAWLIKOWICE","robots":{"index":"index","follow":"follow","max-snippet":"max-snippet:-1","max-image-preview":"max-image-preview:large","max-video-preview":"max-video-preview:-1"},"canonical":"https:\/\/rodslonecznapolana.pl\/index.php\/oddam-zamienie\/","og_locale":"pl_PL","og_type":"article","og_title":"Og\u0142oszenia - OGRODY DZIA\u0141KOWE S\u0141ONECZNA POLANA PAWLIKOWICE","og_description":"Szanowni Pa\u0144stwo \u00a0 \u00a0\u00a0Zarz\u0105d ROD S\u0142oneczna Polana postanowi\u0142 uruchomi\u0107\u00a0Tablic\u0119 Og\u0142osze\u0144\u00a0na stronie, celem u\u0142atwienia Pa\u0144stwu zamiany, zdobycia b\u0105d\u017a pozbycia si\u0119 artyku\u0142\u00f3w dzia\u0142kowych\u00a0(takich jak\u00a0np. meble,\u00a0wyposa\u017cenia ogrodowe,\u00a0narz\u0105dzia,\u00a0nadmiar kompostu itp.)\u00a0Og\u0142oszenia nie mog\u0105 dotyczy\u0107 przeniesienia praw do u\u017cytkowania dzia\u0142ki. \u00a0 \u00a0 Aby zamie\u015bci\u0107 swoje og\u0142oszenie dotycz\u0105ce ww. artyku\u0142\u00f3w zwi\u0105zanych z prowadzeniem\/piel\u0119gnacj\u0105 dzia\u0142ki na stronie ROD S\u0142oneczna Polana prosimy o wysy\u0142anie [&hellip;]","og_url":"https:\/\/rodslonecznapolana.pl\/index.php\/oddam-zamienie\/","og_site_name":"OGRODY DZIA\u0141KOWE S\u0141ONECZNA POLANA PAWLIKOWICE","article_modified_time":"2018-04-22T19:06:51+00:00","twitter_card":"summary_large_image","twitter_misc":{"Szacowany czas czytania":"1 minuta"},"schema":{"@context":"https:\/\/schema.org","@graph":[{"@type":"WebPage","@id":"https:\/\/rodslonecznapolana.pl\/index.php\/oddam-zamienie\/","url":"https:\/\/rodslonecznapolana.pl\/index.php\/oddam-zamienie\/","name":"Og\u0142oszenia - OGRODY DZIA\u0141KOWE S\u0141ONECZNA POLANA PAWLIKOWICE","isPartOf":{"@id":"https:\/\/rodslonecznapolana.pl\/#website"},"datePublished":"2017-08-14T05:09:20+00:00","dateModified":"2018-04-22T19:06:51+00:00","breadcrumb":{"@id":"https:\/\/rodslonecznapolana.pl\/index.php\/oddam-zamienie\/#breadcrumb"},"inLanguage":"pl-PL","potentialAction":[{"@type":"ReadAction","target":["https:\/\/rodslonecznapolana.pl\/index.php\/oddam-zamienie\/"]}]},{"@type":"BreadcrumbList","@id":"https:\/\/rodslonecznapolana.pl\/index.php\/oddam-zamienie\/#breadcrumb","itemListElement":[{"@type":"ListItem","position":1,"name":"Strona g\u0142\u00f3wna","item":"https:\/\/rodslonecznapolana.pl\/"},{"@type":"ListItem","position":2,"name":"Og\u0142oszenia"}]},{"@type":"WebSite","@id":"https:\/\/rodslonecznapolana.pl\/#website","url":"https:\/\/rodslonecznapolana.pl\/","name":"OGRODY DZIA\u0141KOWE S\u0141ONECZNA POLANA PAWLIKOWICE","description":"","potentialAction":[{"@type":"SearchAction","target":{"@type":"EntryPoint","urlTemplate":"https:\/\/rodslonecznapolana.pl\/?s={search_term_string}"},"query-input":"required name=search_term_string"}],"inLanguage":"pl-PL"}]}},"_links":{"self":[{"href":"https:\/\/rodslonecznapolana.pl\/index.php\/wp-json\/wp\/v2\/pages\/14"}],"collection":[{"href":"https:\/\/rodslonecznapolana.pl\/index.php\/wp-json\/wp\/v2\/pages"}],"about":[{"href":"https:\/\/rodslonecznapolana.pl\/index.php\/wp-json\/wp\/v2\/types\/page"}],"author":[{"embeddable":true,"href":"https:\/\/rodslonecznapolana.pl\/index.php\/wp-json\/wp\/v2\/users\/3"}],"replies":[{"embeddable":true,"href":"https:\/\/rodslonecznapolana.pl\/index.php\/wp-json\/wp\/v2\/comments?post=14"}],"version-history":[{"count":5,"href":"https:\/\/rodslonecznapolana.pl\/index.php\/wp-json\/wp\/v2\/pages\/14\/revisions"}],"predecessor-version":[{"id":1012,"href":"https:\/\/rodslonecznapolana.pl\/index.php\/wp-json\/wp\/v2\/pages\/14\/revisions\/1012"}],"wp:attachment":[{"href":"https:\/\/rodslonecznapolana.pl\/index.php\/wp-json\/wp\/v2\/media?parent=14"}],"curies":[{"name":"wp","href":"https:\/\/api.w.org\/{rel}","templated":true}]}}