{"id":55,"date":"2017-08-14T07:33:08","date_gmt":"2017-08-14T05:33:08","guid":{"rendered":"http:\/\/rodslonecznapolana.pl\/?page_id=55"},"modified":"2017-08-14T07:46:39","modified_gmt":"2017-08-14T05:46:39","slug":"55-2","status":"publish","type":"page","link":"https:\/\/rodslonecznapolana.pl\/index.php\/55-2\/","title":{"rendered":"Op\u0142aty 2017"},"content":{"rendered":"<p><strong>\u00a0Nr 1<\/strong>\u00a0\u00a0\u00a0 Zatwierdzenia sprawozdania z dzia\u0142alno\u015bci i sprawozdania finansowego Zarz\u0105du ROD za 2016 rok.<br \/>\n<strong>Nr 2<\/strong>\u00a0\u00a0\u00a0 Zatwierdzenie sprawozdania Komisji Rewizyjnej ROD za 2016 rok.<br \/>\n<strong>Nr 3<\/strong>\u00a0\u00a0\u00a0 Wysoko\u015bci\u00a0op\u0142aty ogrodowej i terminu jej wnoszenia.<br \/>\n<strong>Nr 4<\/strong>\u00a0\u00a0\u00a0 Planu pracy na 2017 rok.<br \/>\n<strong>Nr 5<\/strong>\u00a0\u00a0\u00a0 Preliminarzy finansowych\u00a0na 2017\u00a0 rok.<br \/>\n<strong>\u00a0 \u00a0 \u00a0 \u00a0<\/strong><\/p>\n<p><strong>Op\u0142aty w 2017 roku i terminy wnoszenia wp\u0142at<\/strong><\/p>\n<ul>\n<li>Sk\u0142adka cz\u0142onkowska \u00a0\u00a0 &#8211;\u00a0\u00a0<strong>6,00z\u0142<\/strong>\u00a0od cz\u0142onka\u00a0 (w przypadku ma\u0142\u017conk\u00f3w po 3z\u0142 ka\u017cdy &#8211; \u00a7149 Statutu PZD)\u00a0<strong>TERMIN WP\u0141ATY DO 30.06.2017<\/strong><\/li>\n<li>Op\u0142ata ogrodowa \u00a0 \u00a0 \u00a0 \u00a0 \u00a0\u00a0&#8211; \u00a0<strong>0,69z\u0142\/m2 pow. dzia\u0142ki\u00a0 w tym:<\/strong><\/li>\n<\/ul>\n<p>&nbsp;<\/p>\n<p><strong>&#8211;\u00a0<\/strong>\u00a0wydatki na utrzymanie porz\u0105dku i czysto\u015bci -0,15 z\u0142\/m2<br \/>\n<strong>&#8211;\u00a0<\/strong>\u00a0bie\u017c\u0105c\u0105 konserwacj\u0119 infrastruktury ogrodowej \u00a0-0,18 z\u0142\/m2<br \/>\n<strong>&#8211;<\/strong>\u00a0\u00a0op\u0142aty za dostaw\u0119 energii elektrycznej w cz\u0119\u015bci\u00a0 dotycz\u0105cej terenu og\u00f3lnego i infrastruktury ogrodowej -0,07 z\u0142\/m2<br \/>\n<strong>&#8211;\u00a0<\/strong>\u00a0ubezpieczenia, podatki i inne op\u0142aty publicznoprawne -0,02 z\u0142\/m2<br \/>\n<strong>&#8211;\u00a0<\/strong>\u00a0zarz\u0105dzanie ROD -0,20 z\u0142\/m2<br \/>\n<strong>&#8211;<\/strong>\u00a0\u00a0partycypacja ROD w kosztach PZD (\u00a7 145 ust. 2 statutu PZD) -0,07 z\u0142\/m2<\/p>\n<p>&nbsp;<\/p>\n<p><strong>TERMIN WP\u0141ATY DO 31.05.2017<\/strong><\/p>\n<p><strong>Od nieterminowych wp\u0142at naliczane s\u0105 ustawowe odsetki<\/strong><\/p>\n<p><strong><u>Konto bankowe<\/u><\/strong><\/p>\n<p>Wp\u0142at nale\u017cy dokonywa\u0107 na konto ogrodu:\u00a0<strong>50 8788 0009 0000 1094 2010 0002<\/strong><\/p>\n<p>&nbsp;<\/p>\n<p style=\"text-align: center;\"><strong>DO KASY ZAPRASZAMY W DNIACH:<\/strong><br \/>\n01.05.2017 godz.11.00-12.00\u00a0\u00a0\u00a0\u00a0\u00a0\u00a0\u00a0\u00a0\u00a0\u00a0\u00a0\u00a0\u00a0\u00a0\u00a0\u00a0\u00a0\u00a0\u00a0\u00a0\u00a0\u00a0 \u00a0\u00a0\u00a0\u00a0\u00a0\u00a0\u00a0\u00a0\u00a0\u00a0\u00a0 25.06.2017 godz.12.00-13.00<\/p>\n<p style=\"text-align: center;\">28.05.2017 godz.12.00-13.00\u00a0\u00a0\u00a0\u00a0\u00a0\u00a0\u00a0\u00a0\u00a0\u00a0\u00a0\u00a0\u00a0\u00a0\u00a0\u00a0\u00a0\u00a0\u00a0\u00a0\u00a0\u00a0 \u00a0\u00a0\u00a0\u00a0\u00a0\u00a0\u00a0\u00a0\u00a0\u00a0\u00a0 08.07.2017 godz.15.00-16.00<\/p>\n<p style=\"text-align: center;\">03.06.2017 godz.15.00-16.00\u00a0\u00a0\u00a0\u00a0\u00a0\u00a0\u00a0\u00a0\u00a0\u00a0\u00a0\u00a0\u00a0\u00a0\u00a0\u00a0\u00a0\u00a0\u00a0\u00a0\u00a0\u00a0 \u00a0\u00a0\u00a0\u00a0\u00a0\u00a0\u00a0\u00a0\u00a0\u00a0\u00a0 06.08.2017 godz.12.00-13.00<\/p>\n<p>&nbsp;<\/p>\n<p style=\"text-align: center;\"><a href=\"https:\/\/docs.wixstatic.com\/ugd\/b57f82_5cea2ce13efb4860a4c113e5668a874e.pdf\"><strong>TU MO\u017bESZ SPRAWDZI\u0106 SWOJE OP\u0141ATY<\/strong><\/a><\/p>\n<p>&nbsp;<\/p>\n","protected":false},"excerpt":{"rendered":"<p>\u00a0Nr 1\u00a0\u00a0\u00a0 Zatwierdzenia sprawozdania z dzia\u0142alno\u015bci i sprawozdania finansowego Zarz\u0105du ROD za 2016 rok. Nr 2\u00a0\u00a0\u00a0 Zatwierdzenie sprawozdania Komisji Rewizyjnej ROD za 2016 rok. Nr 3\u00a0\u00a0\u00a0 Wysoko\u015bci\u00a0op\u0142aty ogrodowej i terminu jej wnoszenia. Nr 4\u00a0\u00a0\u00a0 Planu pracy na 2017 rok. Nr 5\u00a0\u00a0\u00a0 Preliminarzy finansowych\u00a0na 2017\u00a0 rok. \u00a0 \u00a0 \u00a0 \u00a0 Op\u0142aty w 2017 roku i terminy [&hellip;]<\/p>\n","protected":false},"author":3,"featured_media":0,"parent":0,"menu_order":0,"comment_status":"closed","ping_status":"closed","template":"","meta":{"footnotes":""},"yoast_head":"<!-- This site is optimized with the Yoast SEO plugin v22.6 - https:\/\/yoast.com\/wordpress\/plugins\/seo\/ -->\n<title>Op\u0142aty 2017 - OGRODY DZIA\u0141KOWE S\u0141ONECZNA POLANA PAWLIKOWICE<\/title>\n<meta name=\"robots\" content=\"index, follow, max-snippet:-1, max-image-preview:large, max-video-preview:-1\" \/>\n<link rel=\"canonical\" href=\"https:\/\/rodslonecznapolana.pl\/index.php\/55-2\/\" \/>\n<meta property=\"og:locale\" content=\"pl_PL\" \/>\n<meta property=\"og:type\" content=\"article\" \/>\n<meta property=\"og:title\" content=\"Op\u0142aty 2017 - OGRODY DZIA\u0141KOWE S\u0141ONECZNA POLANA PAWLIKOWICE\" \/>\n<meta property=\"og:description\" content=\"\u00a0Nr 1\u00a0\u00a0\u00a0 Zatwierdzenia sprawozdania z dzia\u0142alno\u015bci i sprawozdania finansowego Zarz\u0105du ROD za 2016 rok. Nr 2\u00a0\u00a0\u00a0 Zatwierdzenie sprawozdania Komisji Rewizyjnej ROD za 2016 rok. Nr 3\u00a0\u00a0\u00a0 Wysoko\u015bci\u00a0op\u0142aty ogrodowej i terminu jej wnoszenia. Nr 4\u00a0\u00a0\u00a0 Planu pracy na 2017 rok. Nr 5\u00a0\u00a0\u00a0 Preliminarzy finansowych\u00a0na 2017\u00a0 rok. \u00a0 \u00a0 \u00a0 \u00a0 Op\u0142aty w 2017 roku i terminy [&hellip;]\" \/>\n<meta property=\"og:url\" content=\"https:\/\/rodslonecznapolana.pl\/index.php\/55-2\/\" \/>\n<meta property=\"og:site_name\" content=\"OGRODY DZIA\u0141KOWE S\u0141ONECZNA POLANA PAWLIKOWICE\" \/>\n<meta property=\"article:modified_time\" content=\"2017-08-14T05:46:39+00:00\" \/>\n<meta name=\"twitter:card\" content=\"summary_large_image\" \/>\n<meta name=\"twitter:label1\" content=\"Szacowany czas czytania\" \/>\n\t<meta name=\"twitter:data1\" content=\"1 minuta\" \/>\n<script type=\"application\/ld+json\" class=\"yoast-schema-graph\">{\"@context\":\"https:\/\/schema.org\",\"@graph\":[{\"@type\":\"WebPage\",\"@id\":\"https:\/\/rodslonecznapolana.pl\/index.php\/55-2\/\",\"url\":\"https:\/\/rodslonecznapolana.pl\/index.php\/55-2\/\",\"name\":\"Op\u0142aty 2017 - OGRODY DZIA\u0141KOWE S\u0141ONECZNA POLANA PAWLIKOWICE\",\"isPartOf\":{\"@id\":\"https:\/\/rodslonecznapolana.pl\/#website\"},\"datePublished\":\"2017-08-14T05:33:08+00:00\",\"dateModified\":\"2017-08-14T05:46:39+00:00\",\"breadcrumb\":{\"@id\":\"https:\/\/rodslonecznapolana.pl\/index.php\/55-2\/#breadcrumb\"},\"inLanguage\":\"pl-PL\",\"potentialAction\":[{\"@type\":\"ReadAction\",\"target\":[\"https:\/\/rodslonecznapolana.pl\/index.php\/55-2\/\"]}]},{\"@type\":\"BreadcrumbList\",\"@id\":\"https:\/\/rodslonecznapolana.pl\/index.php\/55-2\/#breadcrumb\",\"itemListElement\":[{\"@type\":\"ListItem\",\"position\":1,\"name\":\"Strona g\u0142\u00f3wna\",\"item\":\"https:\/\/rodslonecznapolana.pl\/\"},{\"@type\":\"ListItem\",\"position\":2,\"name\":\"Op\u0142aty 2017\"}]},{\"@type\":\"WebSite\",\"@id\":\"https:\/\/rodslonecznapolana.pl\/#website\",\"url\":\"https:\/\/rodslonecznapolana.pl\/\",\"name\":\"OGRODY DZIA\u0141KOWE S\u0141ONECZNA POLANA PAWLIKOWICE\",\"description\":\"\",\"potentialAction\":[{\"@type\":\"SearchAction\",\"target\":{\"@type\":\"EntryPoint\",\"urlTemplate\":\"https:\/\/rodslonecznapolana.pl\/?s={search_term_string}\"},\"query-input\":\"required name=search_term_string\"}],\"inLanguage\":\"pl-PL\"}]}<\/script>\n<!-- \/ Yoast SEO plugin. -->","yoast_head_json":{"title":"Op\u0142aty 2017 - OGRODY DZIA\u0141KOWE S\u0141ONECZNA POLANA PAWLIKOWICE","robots":{"index":"index","follow":"follow","max-snippet":"max-snippet:-1","max-image-preview":"max-image-preview:large","max-video-preview":"max-video-preview:-1"},"canonical":"https:\/\/rodslonecznapolana.pl\/index.php\/55-2\/","og_locale":"pl_PL","og_type":"article","og_title":"Op\u0142aty 2017 - OGRODY DZIA\u0141KOWE S\u0141ONECZNA POLANA PAWLIKOWICE","og_description":"\u00a0Nr 1\u00a0\u00a0\u00a0 Zatwierdzenia sprawozdania z dzia\u0142alno\u015bci i sprawozdania finansowego Zarz\u0105du ROD za 2016 rok. Nr 2\u00a0\u00a0\u00a0 Zatwierdzenie sprawozdania Komisji Rewizyjnej ROD za 2016 rok. Nr 3\u00a0\u00a0\u00a0 Wysoko\u015bci\u00a0op\u0142aty ogrodowej i terminu jej wnoszenia. Nr 4\u00a0\u00a0\u00a0 Planu pracy na 2017 rok. Nr 5\u00a0\u00a0\u00a0 Preliminarzy finansowych\u00a0na 2017\u00a0 rok. \u00a0 \u00a0 \u00a0 \u00a0 Op\u0142aty w 2017 roku i terminy [&hellip;]","og_url":"https:\/\/rodslonecznapolana.pl\/index.php\/55-2\/","og_site_name":"OGRODY DZIA\u0141KOWE S\u0141ONECZNA POLANA PAWLIKOWICE","article_modified_time":"2017-08-14T05:46:39+00:00","twitter_card":"summary_large_image","twitter_misc":{"Szacowany czas czytania":"1 minuta"},"schema":{"@context":"https:\/\/schema.org","@graph":[{"@type":"WebPage","@id":"https:\/\/rodslonecznapolana.pl\/index.php\/55-2\/","url":"https:\/\/rodslonecznapolana.pl\/index.php\/55-2\/","name":"Op\u0142aty 2017 - OGRODY DZIA\u0141KOWE S\u0141ONECZNA POLANA PAWLIKOWICE","isPartOf":{"@id":"https:\/\/rodslonecznapolana.pl\/#website"},"datePublished":"2017-08-14T05:33:08+00:00","dateModified":"2017-08-14T05:46:39+00:00","breadcrumb":{"@id":"https:\/\/rodslonecznapolana.pl\/index.php\/55-2\/#breadcrumb"},"inLanguage":"pl-PL","potentialAction":[{"@type":"ReadAction","target":["https:\/\/rodslonecznapolana.pl\/index.php\/55-2\/"]}]},{"@type":"BreadcrumbList","@id":"https:\/\/rodslonecznapolana.pl\/index.php\/55-2\/#breadcrumb","itemListElement":[{"@type":"ListItem","position":1,"name":"Strona g\u0142\u00f3wna","item":"https:\/\/rodslonecznapolana.pl\/"},{"@type":"ListItem","position":2,"name":"Op\u0142aty 2017"}]},{"@type":"WebSite","@id":"https:\/\/rodslonecznapolana.pl\/#website","url":"https:\/\/rodslonecznapolana.pl\/","name":"OGRODY DZIA\u0141KOWE S\u0141ONECZNA POLANA PAWLIKOWICE","description":"","potentialAction":[{"@type":"SearchAction","target":{"@type":"EntryPoint","urlTemplate":"https:\/\/rodslonecznapolana.pl\/?s={search_term_string}"},"query-input":"required name=search_term_string"}],"inLanguage":"pl-PL"}]}},"_links":{"self":[{"href":"https:\/\/rodslonecznapolana.pl\/index.php\/wp-json\/wp\/v2\/pages\/55"}],"collection":[{"href":"https:\/\/rodslonecznapolana.pl\/index.php\/wp-json\/wp\/v2\/pages"}],"about":[{"href":"https:\/\/rodslonecznapolana.pl\/index.php\/wp-json\/wp\/v2\/types\/page"}],"author":[{"embeddable":true,"href":"https:\/\/rodslonecznapolana.pl\/index.php\/wp-json\/wp\/v2\/users\/3"}],"replies":[{"embeddable":true,"href":"https:\/\/rodslonecznapolana.pl\/index.php\/wp-json\/wp\/v2\/comments?post=55"}],"version-history":[{"count":5,"href":"https:\/\/rodslonecznapolana.pl\/index.php\/wp-json\/wp\/v2\/pages\/55\/revisions"}],"predecessor-version":[{"id":72,"href":"https:\/\/rodslonecznapolana.pl\/index.php\/wp-json\/wp\/v2\/pages\/55\/revisions\/72"}],"wp:attachment":[{"href":"https:\/\/rodslonecznapolana.pl\/index.php\/wp-json\/wp\/v2\/media?parent=55"}],"curies":[{"name":"wp","href":"https:\/\/api.w.org\/{rel}","templated":true}]}}