{"id":6,"date":"2017-08-14T07:08:38","date_gmt":"2017-08-14T05:08:38","guid":{"rendered":"http:\/\/rodslonecznapolana.pl\/?page_id=6"},"modified":"2017-08-28T13:16:30","modified_gmt":"2017-08-28T11:16:30","slug":"o-nas","status":"publish","type":"page","link":"https:\/\/rodslonecznapolana.pl\/index.php\/o-nas\/","title":{"rendered":"O Nas"},"content":{"rendered":"<p class=\"font_8\" style=\"text-align: justify;\"><span style=\"color: #003366;\">Nasz Ogr\u00f3d powsta\u0142 w sierpniu 1981 r., co potwierdza karta rejestracyjna Ogrodu nr 3902. Ogr\u00f3d urz\u0105dzono na nieruchomo\u015bci po\u0142o\u017conej w Pawlikowicach (gmina Pabianice), obejmuj\u0105cej dzia\u0142k\u0119 nr ewid: 1\/1 o pow. 9,5656 ha. Nieruchomo\u015b\u0107 ta stanowi w\u0142asno\u015b\u0107 Gminy Pabianice, a Polski Zwi\u0105zek Dzia\u0142kowc\u00f3w jest jej u\u017cytkownikiem wieczystym. Oba te prawa potwierdza ksi\u0119ga wieczysta KW 23928. Zgodnie z obowi\u0105zuj\u0105cym miejscowym planem zagospodarowania przestrzennego Gminy Pabianice teren, na kt\u00f3rym znajduje si\u0119 Ogr\u00f3d, przeznaczony jest w\u0142a\u015bnie na cele ogrodu dzia\u0142kowego.<\/span><\/p>\n<p class=\"font_8\" style=\"text-align: justify;\"><span style=\"color: #003366;\">Ogr\u00f3d obejmuje 161 dzia\u0142ek i ma atrakcyjn\u0105 lokalizacj\u0119 \u2014 znajduje si\u0119 w niewielkiej odleg\u0142o\u015bci (kilka kilometr\u00f3w) od Pabianic, a jednocze\u015bnie\u00a0 s\u0105siaduje z du\u017cym kompleksem le\u015bnym zarz\u0105dzanym przez Lasy Pa\u0144stwowe Nadle\u015bnictwo Kolumna.<\/span><\/p>\n<p class=\"font_8\" style=\"text-align: justify;\"><span style=\"color: #003366;\">Ogr\u00f3d nasz wyposa\u017cony jest w niezb\u0119dn\u0105 infrastruktur\u0119 techniczn\u0105, obejmuj\u0105c\u0105 studni\u0119 g\u0142\u0119binow\u0105, hydroforni\u0119, sie\u0107 wodoci\u0105gow\u0105, sie\u0107 energetyczn\u0105, o\u015bwietlenie terenu Ogrodu, toalety oraz wyznaczone miejsce gromadzenia odpad\u00f3w. Funkcjonuj\u0105ca sie\u0107 zapewnia zaopatrzenie Ogrodu i wszystkich dzia\u0142ek w wod\u0119 zdatn\u0105 do spo\u017cycia. Energi\u0119 elektryczn\u0105 na terenie Ogrodu oraz poszczeg\u00f3lnych dzia\u0142ek zapewnia sie\u0107 energetyczna napowietrzna oraz doziemne przy\u0142\u0105cza. W\u0142a\u015bcicielem sieci jest PGE, a dostawa energii odbywa si\u0119 na podstawie um\u00f3w zawartych przez Ogr\u00f3d oraz przez poszczeg\u00f3lnych dzia\u0142kowc\u00f3w. Sie\u0107 energetyczna na terenie Ogrodu zosta\u0142a w 2008 wyremontowana w niezb\u0119dnym zakresie, na koszt Zak\u0142adu Energetycznego. W\u00f3wczas uk\u0142ady pomiarowe \u2014 liczniki \u2014 przeniesiono z altan do skrzynek zlokalizowanych przy drogach.<\/span><\/p>\n<p class=\"font_8\" style=\"text-align: justify;\"><span style=\"color: #003366;\">Teren Ogrodu jest o\u015bwietlony w pi\u0119ciu miejscach, tj. na wszystkich parkingach oraz w miejscu do biesiadowania i przy zbiorniku nr 1. O\u015bwietlenie wykorzystuje zegary czasowe.<\/span><\/p>\n<p class=\"font_8\" style=\"text-align: justify;\"><span style=\"color: #003366;\">Infrastruktur\u0119 Ogrodu stanowi\u0105 tak\u017ce drogi i parkingi. Przebieg ogrodowych sieci i dr\u00f3g okre\u015blony zosta\u0142 na specjalnie wykonanej w tym celu mapie, co znacznie u\u0142atwia usuwanie ewentualnych awarii. Bezpieczny, a zarazem swobodny dost\u0119p do Ogrodu zapewniaj\u0105 cztery bramy. Szeroko\u015b\u0107 dr\u00f3g pozwala na wygodn\u0105, a w razie potrzeby szybk\u0105 komunikacj\u0119. W celu u\u0142atwienia komunikacji pieszej korzystanie z wszystkich furtek do Ogrodu umo\u017cliwia jeden klucz. Dzia\u0142kowcy maj\u0105 tak\u017ce do dyspozycji trzy parkingi.<\/span><\/p>\n<p class=\"font_8\" style=\"text-align: justify;\"><span style=\"color: #003366;\">Ogr\u00f3d dysponuje niezb\u0119dn\u0105 dokumentacj\u0105 prawn\u0105 i techniczn\u0105 dotycz\u0105c\u0105 samego Ogrodu jak<\/span><br \/>\n<span style=\"color: #003366;\"> i ww. infrastruktury.<\/span><\/p>\n<p class=\"font_8\" style=\"text-align: justify;\"><span style=\"color: #003366;\">Gospodarka odpadami zosta\u0142a uregulowana zgodnie z obowi\u0105zuj\u0105cymi przepisami.\u00a0 Od wielu lat us\u0142ugi w tym zakresie wykonuje Sp\u00f3\u0142ka EKO\u2013REGION z Be\u0142chatowa. W wyniku aneksu zawartego w dn. 4 maja 2015 r. do umowy z dn. 1 wrze\u015bnia 2014 r. w Ogrodzie prowadzona jest zbi\u00f3rka selektywna odpad\u00f3w; opr\u00f3cz pojemnika na odpady zmieszane ustawiony zosta\u0142 kosz do zbierania odpad\u00f3w z tworzyw. Zapewni\u0142o to zwi\u0119kszenie komfortu dzia\u0142kowc\u00f3w, a tak\u017ce utrzymanie utrzymanie dotychczasowej ceny za wyw\u00f3z odpad\u00f3w.<\/span><\/p>\n<p class=\"font_8\" style=\"text-align: justify;\"><span style=\"color: #003366;\">Na terenie Ogrodu znajduj\u0105 si\u0119 dwa stawy, wi\u0119kszy o pow. ok. 1600 m2 oraz mniejszy o pow.<\/span><br \/>\n<span style=\"color: #003366;\"> ok. 1000 m2. \u015arodki z WFO\u015aiGW pozwoli\u0142y na wykonanie w 2008 r. remontu wi\u0119kszego zbiornika,<\/span><br \/>\n<span style=\"color: #003366;\"> w ramach kt\u00f3rego zainstalowano fontann\u0119. Teren wok\u00f3\u0142 staw\u00f3w jest ulubionym miejscem spacer\u00f3w Dzia\u0142kowc\u00f3w, jak i odwiedzaj\u0105cych Ogr\u00f3d go\u015bci. Wi\u0119kszy zbiornik jest zarybiony i stanowi dodatkow\u0105 atrakcj\u0119 dla amator\u00f3w w\u0119dkarstwa. Oba zbiorniki wraz z rowami przebiegaj\u0105cymi przez teren Ogrodu wpisane zosta\u0142y do systemu ma\u0142ej retencji prowadzonego przez Urz\u0105d Marsza\u0142kowski w \u0141odzi.<\/span><\/p>\n<p class=\"font_8\" style=\"text-align: justify;\"><span style=\"color: #003366;\">W 2016 r. przy udziale dotacji z WFO\u015aiGW w \u0141odzi w kwocie 60800,00 z\u0142 wykonany zosta\u0142 remont drugiego zbiornika, tj. zbiornika nr 1, oraz rowu. \u0141\u0105czny koszt tego zadania wyni\u00f3s\u0142 75000,00 z\u0142. Remont pozwoli\u0142 spokojnie przetrwa\u0107 zim\u0119 z wyj\u0105tkowo obfitymi opadami \u015bniegu, a p\u00f3\u017aniej deszczu. W ubieg\u0142ym roku wykonany zosta\u0142 tak\u017ce remont urz\u0105dze\u0144 hydroforni, obejmuj\u0105cy wymian\u0119 z\u0142\u00f3\u017c oraz niezb\u0119dn\u0105 modernizacj\u0119 instalacji.<\/span><\/p>\n<p class=\"font_8\" style=\"text-align: justify;\"><span style=\"color: #003366;\">Na\u00a0 terenie Ogrodu od wielu lat funkcjonuje plac zabaw z wieloma urz\u0105dzeniami zabawowymi.<\/span><br \/>\n<span style=\"color: #003366;\"> W Ogrodzie s\u0105 te\u017c dwa boiska \u2014 do pi\u0142ki no\u017cnej oraz do badmintona. W budynku \u015bwietlicy znajduje si\u0119 st\u00f3\u0142 bilardowy oraz dwa zbiory ksi\u0105\u017cek, a tak\u017ce specjalistycznych poradnik\u00f3w z zakresu ogrodnictwa i urz\u0105dzania dzia\u0142ek.<\/span><\/p>\n<p class=\"font_8\" style=\"text-align: justify;\"><span style=\"color: #003366;\">Przy du\u017cym stawie urz\u0105dzono miejsce do biesiadowania. Od kilku lat, przynajmniej raz w roku, w tym miejscu urz\u0105dzana jest zabawa dla dzia\u0142kowc\u00f3w i ich rodzin z r\u00f3\u017cnymi konkursami i nagrodami.<\/span><\/p>\n<p class=\"font_8\" style=\"text-align: justify;\"><span style=\"color: #003366;\">O atrakcyjno\u015bci naszego Ogrodu najlepiej \u015bwiadczy fakt, \u017ce co roku odwiedza go wiele os\u00f3b zainteresowanych nabyciem dzia\u0142ki.<\/span><\/p>\n","protected":false},"excerpt":{"rendered":"<p>Nasz Ogr\u00f3d powsta\u0142 w sierpniu 1981 r., co potwierdza karta rejestracyjna Ogrodu nr 3902. Ogr\u00f3d urz\u0105dzono na nieruchomo\u015bci po\u0142o\u017conej w Pawlikowicach (gmina Pabianice), obejmuj\u0105cej dzia\u0142k\u0119 nr ewid: 1\/1 o pow. 9,5656 ha. Nieruchomo\u015b\u0107 ta stanowi w\u0142asno\u015b\u0107 Gminy Pabianice, a Polski Zwi\u0105zek Dzia\u0142kowc\u00f3w jest jej u\u017cytkownikiem wieczystym. Oba te prawa potwierdza ksi\u0119ga wieczysta KW 23928. Zgodnie [&hellip;]<\/p>\n","protected":false},"author":3,"featured_media":414,"parent":0,"menu_order":0,"comment_status":"closed","ping_status":"closed","template":"","meta":{"footnotes":""},"yoast_head":"<!-- This site is optimized with the Yoast SEO plugin v22.6 - https:\/\/yoast.com\/wordpress\/plugins\/seo\/ -->\n<title>O Nas - OGRODY DZIA\u0141KOWE S\u0141ONECZNA POLANA PAWLIKOWICE<\/title>\n<meta name=\"robots\" content=\"index, follow, max-snippet:-1, max-image-preview:large, max-video-preview:-1\" \/>\n<link rel=\"canonical\" href=\"https:\/\/rodslonecznapolana.pl\/index.php\/o-nas\/\" \/>\n<meta property=\"og:locale\" content=\"pl_PL\" \/>\n<meta property=\"og:type\" content=\"article\" \/>\n<meta property=\"og:title\" content=\"O Nas - OGRODY DZIA\u0141KOWE S\u0141ONECZNA POLANA PAWLIKOWICE\" \/>\n<meta property=\"og:description\" content=\"Nasz Ogr\u00f3d powsta\u0142 w sierpniu 1981 r., co potwierdza karta rejestracyjna Ogrodu nr 3902. Ogr\u00f3d urz\u0105dzono na nieruchomo\u015bci po\u0142o\u017conej w Pawlikowicach (gmina Pabianice), obejmuj\u0105cej dzia\u0142k\u0119 nr ewid: 1\/1 o pow. 9,5656 ha. Nieruchomo\u015b\u0107 ta stanowi w\u0142asno\u015b\u0107 Gminy Pabianice, a Polski Zwi\u0105zek Dzia\u0142kowc\u00f3w jest jej u\u017cytkownikiem wieczystym. Oba te prawa potwierdza ksi\u0119ga wieczysta KW 23928. Zgodnie [&hellip;]\" \/>\n<meta property=\"og:url\" content=\"https:\/\/rodslonecznapolana.pl\/index.php\/o-nas\/\" \/>\n<meta property=\"og:site_name\" content=\"OGRODY DZIA\u0141KOWE S\u0141ONECZNA POLANA PAWLIKOWICE\" \/>\n<meta property=\"article:modified_time\" content=\"2017-08-28T11:16:30+00:00\" \/>\n<meta property=\"og:image\" content=\"https:\/\/rodslonecznapolana.pl\/wp-content\/uploads\/2017\/08\/18-7.jpg\" \/>\n\t<meta property=\"og:image:width\" content=\"1152\" \/>\n\t<meta property=\"og:image:height\" content=\"768\" \/>\n\t<meta property=\"og:image:type\" content=\"image\/jpeg\" \/>\n<meta name=\"twitter:card\" content=\"summary_large_image\" \/>\n<meta name=\"twitter:label1\" content=\"Szacowany czas czytania\" \/>\n\t<meta name=\"twitter:data1\" content=\"4 minuty\" \/>\n<script type=\"application\/ld+json\" class=\"yoast-schema-graph\">{\"@context\":\"https:\/\/schema.org\",\"@graph\":[{\"@type\":\"WebPage\",\"@id\":\"https:\/\/rodslonecznapolana.pl\/index.php\/o-nas\/\",\"url\":\"https:\/\/rodslonecznapolana.pl\/index.php\/o-nas\/\",\"name\":\"O Nas - OGRODY DZIA\u0141KOWE S\u0141ONECZNA POLANA PAWLIKOWICE\",\"isPartOf\":{\"@id\":\"https:\/\/rodslonecznapolana.pl\/#website\"},\"primaryImageOfPage\":{\"@id\":\"https:\/\/rodslonecznapolana.pl\/index.php\/o-nas\/#primaryimage\"},\"image\":{\"@id\":\"https:\/\/rodslonecznapolana.pl\/index.php\/o-nas\/#primaryimage\"},\"thumbnailUrl\":\"https:\/\/rodslonecznapolana.pl\/wp-content\/uploads\/2017\/08\/18-7.jpg\",\"datePublished\":\"2017-08-14T05:08:38+00:00\",\"dateModified\":\"2017-08-28T11:16:30+00:00\",\"breadcrumb\":{\"@id\":\"https:\/\/rodslonecznapolana.pl\/index.php\/o-nas\/#breadcrumb\"},\"inLanguage\":\"pl-PL\",\"potentialAction\":[{\"@type\":\"ReadAction\",\"target\":[\"https:\/\/rodslonecznapolana.pl\/index.php\/o-nas\/\"]}]},{\"@type\":\"ImageObject\",\"inLanguage\":\"pl-PL\",\"@id\":\"https:\/\/rodslonecznapolana.pl\/index.php\/o-nas\/#primaryimage\",\"url\":\"https:\/\/rodslonecznapolana.pl\/wp-content\/uploads\/2017\/08\/18-7.jpg\",\"contentUrl\":\"https:\/\/rodslonecznapolana.pl\/wp-content\/uploads\/2017\/08\/18-7.jpg\",\"width\":1152,\"height\":768},{\"@type\":\"BreadcrumbList\",\"@id\":\"https:\/\/rodslonecznapolana.pl\/index.php\/o-nas\/#breadcrumb\",\"itemListElement\":[{\"@type\":\"ListItem\",\"position\":1,\"name\":\"Strona g\u0142\u00f3wna\",\"item\":\"https:\/\/rodslonecznapolana.pl\/\"},{\"@type\":\"ListItem\",\"position\":2,\"name\":\"O Nas\"}]},{\"@type\":\"WebSite\",\"@id\":\"https:\/\/rodslonecznapolana.pl\/#website\",\"url\":\"https:\/\/rodslonecznapolana.pl\/\",\"name\":\"OGRODY DZIA\u0141KOWE S\u0141ONECZNA POLANA PAWLIKOWICE\",\"description\":\"\",\"potentialAction\":[{\"@type\":\"SearchAction\",\"target\":{\"@type\":\"EntryPoint\",\"urlTemplate\":\"https:\/\/rodslonecznapolana.pl\/?s={search_term_string}\"},\"query-input\":\"required name=search_term_string\"}],\"inLanguage\":\"pl-PL\"}]}<\/script>\n<!-- \/ Yoast SEO plugin. -->","yoast_head_json":{"title":"O Nas - OGRODY DZIA\u0141KOWE S\u0141ONECZNA POLANA PAWLIKOWICE","robots":{"index":"index","follow":"follow","max-snippet":"max-snippet:-1","max-image-preview":"max-image-preview:large","max-video-preview":"max-video-preview:-1"},"canonical":"https:\/\/rodslonecznapolana.pl\/index.php\/o-nas\/","og_locale":"pl_PL","og_type":"article","og_title":"O Nas - OGRODY DZIA\u0141KOWE S\u0141ONECZNA POLANA PAWLIKOWICE","og_description":"Nasz Ogr\u00f3d powsta\u0142 w sierpniu 1981 r., co potwierdza karta rejestracyjna Ogrodu nr 3902. Ogr\u00f3d urz\u0105dzono na nieruchomo\u015bci po\u0142o\u017conej w Pawlikowicach (gmina Pabianice), obejmuj\u0105cej dzia\u0142k\u0119 nr ewid: 1\/1 o pow. 9,5656 ha. Nieruchomo\u015b\u0107 ta stanowi w\u0142asno\u015b\u0107 Gminy Pabianice, a Polski Zwi\u0105zek Dzia\u0142kowc\u00f3w jest jej u\u017cytkownikiem wieczystym. Oba te prawa potwierdza ksi\u0119ga wieczysta KW 23928. Zgodnie [&hellip;]","og_url":"https:\/\/rodslonecznapolana.pl\/index.php\/o-nas\/","og_site_name":"OGRODY DZIA\u0141KOWE S\u0141ONECZNA POLANA PAWLIKOWICE","article_modified_time":"2017-08-28T11:16:30+00:00","og_image":[{"width":1152,"height":768,"url":"https:\/\/rodslonecznapolana.pl\/wp-content\/uploads\/2017\/08\/18-7.jpg","type":"image\/jpeg"}],"twitter_card":"summary_large_image","twitter_misc":{"Szacowany czas czytania":"4 minuty"},"schema":{"@context":"https:\/\/schema.org","@graph":[{"@type":"WebPage","@id":"https:\/\/rodslonecznapolana.pl\/index.php\/o-nas\/","url":"https:\/\/rodslonecznapolana.pl\/index.php\/o-nas\/","name":"O Nas - OGRODY DZIA\u0141KOWE S\u0141ONECZNA POLANA PAWLIKOWICE","isPartOf":{"@id":"https:\/\/rodslonecznapolana.pl\/#website"},"primaryImageOfPage":{"@id":"https:\/\/rodslonecznapolana.pl\/index.php\/o-nas\/#primaryimage"},"image":{"@id":"https:\/\/rodslonecznapolana.pl\/index.php\/o-nas\/#primaryimage"},"thumbnailUrl":"https:\/\/rodslonecznapolana.pl\/wp-content\/uploads\/2017\/08\/18-7.jpg","datePublished":"2017-08-14T05:08:38+00:00","dateModified":"2017-08-28T11:16:30+00:00","breadcrumb":{"@id":"https:\/\/rodslonecznapolana.pl\/index.php\/o-nas\/#breadcrumb"},"inLanguage":"pl-PL","potentialAction":[{"@type":"ReadAction","target":["https:\/\/rodslonecznapolana.pl\/index.php\/o-nas\/"]}]},{"@type":"ImageObject","inLanguage":"pl-PL","@id":"https:\/\/rodslonecznapolana.pl\/index.php\/o-nas\/#primaryimage","url":"https:\/\/rodslonecznapolana.pl\/wp-content\/uploads\/2017\/08\/18-7.jpg","contentUrl":"https:\/\/rodslonecznapolana.pl\/wp-content\/uploads\/2017\/08\/18-7.jpg","width":1152,"height":768},{"@type":"BreadcrumbList","@id":"https:\/\/rodslonecznapolana.pl\/index.php\/o-nas\/#breadcrumb","itemListElement":[{"@type":"ListItem","position":1,"name":"Strona g\u0142\u00f3wna","item":"https:\/\/rodslonecznapolana.pl\/"},{"@type":"ListItem","position":2,"name":"O Nas"}]},{"@type":"WebSite","@id":"https:\/\/rodslonecznapolana.pl\/#website","url":"https:\/\/rodslonecznapolana.pl\/","name":"OGRODY DZIA\u0141KOWE S\u0141ONECZNA POLANA PAWLIKOWICE","description":"","potentialAction":[{"@type":"SearchAction","target":{"@type":"EntryPoint","urlTemplate":"https:\/\/rodslonecznapolana.pl\/?s={search_term_string}"},"query-input":"required name=search_term_string"}],"inLanguage":"pl-PL"}]}},"_links":{"self":[{"href":"https:\/\/rodslonecznapolana.pl\/index.php\/wp-json\/wp\/v2\/pages\/6"}],"collection":[{"href":"https:\/\/rodslonecznapolana.pl\/index.php\/wp-json\/wp\/v2\/pages"}],"about":[{"href":"https:\/\/rodslonecznapolana.pl\/index.php\/wp-json\/wp\/v2\/types\/page"}],"author":[{"embeddable":true,"href":"https:\/\/rodslonecznapolana.pl\/index.php\/wp-json\/wp\/v2\/users\/3"}],"replies":[{"embeddable":true,"href":"https:\/\/rodslonecznapolana.pl\/index.php\/wp-json\/wp\/v2\/comments?post=6"}],"version-history":[{"count":5,"href":"https:\/\/rodslonecznapolana.pl\/index.php\/wp-json\/wp\/v2\/pages\/6\/revisions"}],"predecessor-version":[{"id":715,"href":"https:\/\/rodslonecznapolana.pl\/index.php\/wp-json\/wp\/v2\/pages\/6\/revisions\/715"}],"wp:featuredmedia":[{"embeddable":true,"href":"https:\/\/rodslonecznapolana.pl\/index.php\/wp-json\/wp\/v2\/media\/414"}],"wp:attachment":[{"href":"https:\/\/rodslonecznapolana.pl\/index.php\/wp-json\/wp\/v2\/media?parent=6"}],"curies":[{"name":"wp","href":"https:\/\/api.w.org\/{rel}","templated":true}]}}